{"id":363,"date":"2018-11-26T11:53:49","date_gmt":"2018-11-26T10:53:49","guid":{"rendered":"https:\/\/wirtschaftsdemokratie.ch\/?page_id=363"},"modified":"2020-05-08T07:38:56","modified_gmt":"2020-05-08T05:38:56","slug":"communs","status":"publish","type":"page","link":"https:\/\/wirtschaftsdemokratie.ch\/fr\/communs\/","title":{"rendered":"Communs"},"content":{"rendered":"<div id=\"pl-363\"  class=\"panel-layout\" ><div id=\"pg-363-0\"  class=\"panel-grid panel-no-style\" ><div id=\"pgc-363-0-0\"  class=\"panel-grid-cell panel-grid-cell-empty\" ><\/div><div id=\"pgc-363-0-1\"  class=\"panel-grid-cell panel-grid-cell-mobile-last\" ><div id=\"panel-363-0-1-0\" class=\"so-panel widget widget_sow-headline panel-first-child\" data-index=\"0\" ><div class=\"panel-widget-style panel-widget-style-for-363-0-1-0\" ><div\n\t\t\t\n\t\t\tclass=\"so-widget-sow-headline so-widget-sow-headline-default-ea0af4cf39ae-363\"\n\t\t\t\n\t\t><div class=\"sow-headline-container \">\n\t\t\t\t\t\t\t<h1 class=\"sow-headline\">\n\t\t\t\t\t\tCommuns\t\t\t\t\t\t<\/h1>\n\t\t\t\t\t\t\t\t\t\t\t\t<h3 class=\"sow-sub-headline\">\n\t\t\t\t\t\t\u00e9l\u00e9ments de base pour une d\u00e9mocratisation de l\u2019\u00e9conomie par le bas\t\t\t\t\t\t<\/h3>\n\t\t\t\t\t\t\t\t\t\t\t<div class=\"decoration\">\n\t\t\t\t\t\t<div class=\"decoration-inside\"><\/div>\n\t\t\t\t\t<\/div>\n\t\t\t\t\t<\/div>\n<\/div><\/div><\/div><div id=\"panel-363-0-1-1\" class=\"so-panel widget widget_sow-editor panel-last-child\" data-index=\"1\" ><div class=\"panel-widget-style panel-widget-style-for-363-0-1-1\" ><div\n\t\t\t\n\t\t\tclass=\"so-widget-sow-editor so-widget-sow-editor-base\"\n\t\t\t\n\t\t>\n<div class=\"siteorigin-widget-tinymce textwidget\">\n\t<p>Nous en sommes s\u00fbr-e-s\u00a0: les <em>commons<\/em>, ou biens communs, sont une r\u00e9ponse aux grands d\u00e9fis de notre \u00e9poque \u2013 le changement climatique, les \u00e9normes in\u00e9galit\u00e9s \u00e9conomiques et la polarisation sociale croissante. Mais que sont les <em>commons<\/em>\u00a0? Nous connaissons tous des <em>commons<\/em> ou biens communs \u00e0 partir de notre vie quotidienne\u00a0: ce sont pour nous des prestations et des infrastructures aussi \u00e9l\u00e9mentaires que les \u00e9coles et les biblioth\u00e8ques publiques, les transports publics, le covoiturage \u00e0 but non lucratif, les soins de sant\u00e9, les r\u00e9seaux locaux sans fil publics ou les rivi\u00e8res et les lacs \u2013 autant de services qui nous semblent aller de soi. Mais cela inclut \u00e9galement de nouvelles formes d\u2019action collective, telles que les initiatives de lutte contre les d\u00e9chets alimentaires, les <em>repair caf\u00e9s<\/em>, les jardins communautaires, les logiciels libres, les formes de journalisme collaboratif, les organisations communautaires de fourniture de services d\u2019int\u00e9r\u00eat g\u00e9n\u00e9ral, l\u2019agriculture solidaire ou les coop\u00e9ratives \u00e9nerg\u00e9tiques locales. Ces formes d\u2019action collective ont toutes une chose en commun\u00a0: une ressource, une activit\u00e9 ou un service est produit-e, utilis\u00e9-e et entretenu-e d\u2019une mani\u00e8re commune, ax\u00e9e sur les besoins et durable. Les avantages des <em>commons<\/em> sont multiples\u00a0:<\/p>\n<ul>\n<li>Les <em>commons<\/em> (biens communs) sont un moyen de construire une communaut\u00e9\u00a0: ils contrent la primaut\u00e9 de la concurrence et de la comp\u00e9tition par des formes de coop\u00e9ration solidaire et communautaire.<\/li>\n<li>Les <em>commons<\/em> sont inclusifs\u00a0: personne n\u2019est exclu de leur utilisation.<\/li>\n<li>Les <em>commons<\/em> nous redonnent un pouvoir d\u2019action \u00e0 petite \u00e9chelle\u00a0: les gens d\u00e9cident eux-m\u00eames de ce qu\u2019ils veulent organiser sous la forme de <em>commons<\/em>. Il y a aussi une responsabilit\u00e9 collective associ\u00e9e \u00e0 cela, chacun d\u2019entre nous veillant \u00e0 ce que les <em>commons<\/em> soient maintenus et d\u00e9velopp\u00e9s davantage. Ils nous permettent de reprendre le contr\u00f4le de l\u2019acc\u00e8s aux ressources \u2013 par exemple \u00e0 nos donn\u00e9es priv\u00e9es.<\/li>\n<li>Les <em>commons<\/em> sont \u00e0 la fois \u00e9cologiques et sociaux\u00a0: en se concentrant non pas sur les int\u00e9r\u00eats \u00e0 court terme des propri\u00e9taires de capitaux, mais sur les besoins des gens, les <em>commons<\/em> consolident les bases \u00e9cologiques de notre prosp\u00e9rit\u00e9 future. Ils repr\u00e9sentent une alternative \u00e0 notre syst\u00e8me \u00e9conomique non solidaire, qui place le profit de quelques-un-e-s au-dessus de la prosp\u00e9rit\u00e9 future de tou-te-s.<\/li>\n<\/ul>\n<\/div>\n<\/div><\/div><\/div><\/div><div id=\"pgc-363-0-2\"  class=\"panel-grid-cell panel-grid-cell-empty\" ><\/div><\/div><div id=\"pg-363-1\"  class=\"panel-grid panel-no-style\" ><div id=\"pgc-363-1-0\"  class=\"panel-grid-cell panel-grid-cell-empty\" ><\/div><div id=\"pgc-363-1-1\"  class=\"panel-grid-cell\" ><div id=\"panel-363-1-1-0\" class=\"so-panel widget widget_sow-editor panel-first-child panel-last-child\" data-index=\"2\" ><div class=\"panel-widget-style panel-widget-style-for-363-1-1-0\" ><div\n\t\t\t\n\t\t\tclass=\"so-widget-sow-editor so-widget-sow-editor-base\"\n\t\t\t\n\t\t>\n<div class=\"siteorigin-widget-tinymce textwidget\">\n\t<p>La brochure \u00ab\u00a0Communs \u2013 Ensemble pour un monde solidaire et d\u00e9mocratique\u00a0\u00bb donne une premi\u00e8re impression du monde des <em>commons<\/em> en Suisse. Elle d\u00e9crit des projets qui permettent la participation et la cogestion (cod\u00e9termination) des personnes concern\u00e9es dans l\u2019\u00e9conomie et promeuvent la d\u00e9mocratie, la solidarit\u00e9 et la communaut\u00e9 au niveau local. Le tout est illustr\u00e9 par des interviews de camarades, des photos et des informations pratiques. La brochure propose des id\u00e9es et un soutien pour renforcer le\u00a0PS, en particulier aux niveaux local et r\u00e9gional.<\/p>\n<p>Lire la brochure <em>\u00ab Communs \u00bb<\/em> d\u00e8s maintenant<\/p>\n<p>Commander la brochure <em>\u00ab Communs \u00bb<\/em> d\u00e8s maintenant<\/p>\n<\/div>\n<\/div><\/div><\/div><\/div><div id=\"pgc-363-1-2\"  class=\"panel-grid-cell panel-grid-cell-mobile-last\" ><div id=\"panel-363-1-2-0\" class=\"so-panel widget widget_sow-image panel-first-child panel-last-child\" data-index=\"3\" ><div\n\t\t\t\n\t\t\tclass=\"so-widget-sow-image so-widget-sow-image-default-8b5b6f678277-363\"\n\t\t\t\n\t\t>\n<div class=\"sow-image-container\">\n\t\t<img \n\tsrc=\"https:\/\/wirtschaftsdemokratie.ch\/wp-content\/uploads\/sites\/76\/2018\/12\/Titelbild_f-e1544085968976.png\" width=\"500\" height=\"714\" sizes=\"(max-width: 500px) 100vw, 500px\" title=\"Titelbild_f\" alt=\"\" \t\tclass=\"so-widget-image\"\/>\n\t<\/div>\n\n<\/div><\/div><\/div><div id=\"pgc-363-1-3\"  class=\"panel-grid-cell panel-grid-cell-empty\" ><\/div><\/div><div id=\"pg-363-2\"  class=\"panel-grid panel-no-style\" ><div id=\"pgc-363-2-0\"  class=\"panel-grid-cell panel-grid-cell-empty\" ><\/div><div id=\"pgc-363-2-1\"  class=\"panel-grid-cell panel-grid-cell-mobile-last\" ><div id=\"panel-363-2-1-0\" class=\"so-panel widget widget_sow-editor panel-first-child panel-last-child\" data-index=\"4\" ><div class=\"panel-widget-style panel-widget-style-for-363-2-1-0\" ><div\n\t\t\t\n\t\t\tclass=\"so-widget-sow-editor so-widget-sow-editor-base\"\n\t\t\t\n\t\t><h3 class=\"widget-title\">Materiel<\/h3>\n<div class=\"siteorigin-widget-tinymce textwidget\">\n\t<div class=\"siteorigin-widget-tinymce textwidget\">\n<p>En fran\u00e7ais:<\/p>\n<ul>\n<li>\"Elinor Ostrom ou la r\u00e9invention des biens communs\":\u00a0<a href=\"https:\/\/blog.mondediplo.net\/2012-06-15-Elinor-Ostrom-ou-la-reinvention-des-biens-communs\">https:\/\/blog.mondediplo.net\/2012-06-15-Elinor-Ostrom-ou-la-reinvention-des-biens-communs\u00a0<\/a><\/li>\n<li>\"La trag\u00e9die des communs \u00e9tait un mythe\":\u00a0<a href=\"https:\/\/blogs.mediapart.fr\/jean-marc-b\/blog\/060118\/la-tragedie-des-communs-etait-un-mythe\">https:\/\/blogs.mediapart.fr\/jean-marc-b\/blog\/060118\/la-tragedie-des-communs-etait-un-mythe\u00a0<\/a><\/li>\n<\/ul>\n<p>En allemand:<\/p>\n<ul>\n<li>Was sind Commons? Lukas Peter erkl\u00e4rt: <a href=\"http:\/\/wirtschaftsdemokratie.ch\/wp-content\/uploads\/sites\/76\/2018\/11\/Was-sind-Commons_Lukas-Peter-1.pdf\">Was sind Commons_Lukas Peter<\/a><\/li>\n<li>Ursula Wyss \u00fcber die Bedeutung des \u00f6ffentlichen Raumes:\u00a0<a href=\"http:\/\/wirtschaftsdemokratie.ch\/wp-content\/uploads\/sites\/76\/2018\/11\/\u00d6ffentlicher-Raum-in-Bern-def_Positionspapier_Ursula-Wyss-1.pdf\">\u00d6ffentlicher Raum in Bern def_Positionspapier_Ursula Wyss (1)<\/a><\/li>\n<li>Commons in Schweizer Nachbarschaften:\u00a0<a href=\"http:\/\/wirtschaftsdemokratie.ch\/wp-content\/uploads\/sites\/76\/2018\/11\/Neustart-Schweiz_Commons_Hans-Widmer.pdf\">Neustart-Schweiz_Commons_Hans Widmer<\/a><\/li>\n<li>Ein ausf\u00fchrliches Werk \u00fcber Commons und eine Politik jenseits von Markt und Staat:\u00a0<a href=\"http:\/\/wirtschaftsdemokratie.ch\/wp-content\/uploads\/sites\/76\/2018\/11\/Commons_Silke-Helfrich-und-Heinrich-B\u00f6ll-Stiftung.pdf\">Commons_Silke Helfrich und Heinrich-B\u00f6ll-Stiftung<\/a><\/li>\n<li>\"Vertragen und Teilen\":\u00a0<a href=\"https:\/\/monde-diplomatique.de\/artikel\/!316319\">https:\/\/monde-diplomatique.de\/artikel\/!316319\u00a0<\/a><\/li>\n<li>\"Die Debatte um Commons und Gemeing\u00fcter\":\u00a0<a href=\"http:\/\/www.denknetz.ch\/wp-content\/uploads\/2017\/08\/Diskurs_14.pdf\">http:\/\/www.denknetz.ch\/wp-content\/uploads\/2017\/08\/Diskurs_14.pdf<\/a><\/li>\n<li>Das Commons-Institut:\u00a0<a href=\"https:\/\/commons-institut.org\/\">https:\/\/commons-institut.org\/<\/a><\/li>\n<\/ul>\n<\/div>\n<\/div>\n<\/div><\/div><\/div><\/div><div id=\"pgc-363-2-2\"  class=\"panel-grid-cell panel-grid-cell-empty\" ><\/div><\/div><\/div>","protected":false},"excerpt":{"rendered":"<p>Nous en sommes s\u00fbr-e-s\u00a0: les commons, ou biens communs, sont une r\u00e9ponse aux grands d\u00e9fis de notre \u00e9poque \u2013 le changement climatique, les \u00e9normes in\u00e9galit\u00e9s \u00e9conomiques et la polarisation sociale croissante. Mais que sont les commons\u00a0? Nous connaissons tous des commons ou biens communs \u00e0 partir de notre vie quotidienne\u00a0: ce sont pour nous des &hellip; <a href=\"https:\/\/wirtschaftsdemokratie.ch\/fr\/communs\/\" title=\"Communs\" class=\"read-more\">Lire la suite<\/a><\/p>\n","protected":false},"author":137,"featured_media":0,"parent":0,"menu_order":0,"comment_status":"closed","ping_status":"closed","template":"","meta":{"footnotes":""},"class_list":["post-363","page","type-page","status-publish","hentry"],"yoast_head":"<!-- This site is optimized with the Yoast SEO plugin v27.5 - https:\/\/yoast.com\/product\/yoast-seo-wordpress\/ -->\n<title>Communs - d\u00e9mocratie \u00e9conomique<\/title>\n<meta name=\"robots\" content=\"index, follow, max-snippet:-1, max-image-preview:large, max-video-preview:-1\" \/>\n<link rel=\"canonical\" href=\"https:\/\/wirtschaftsdemokratie.ch\/fr\/communs\/\" \/>\n<meta property=\"og:locale\" content=\"fr_FR\" \/>\n<meta property=\"og:type\" content=\"article\" \/>\n<meta property=\"og:title\" content=\"Communs - d\u00e9mocratie \u00e9conomique\" \/>\n<meta property=\"og:description\" content=\"Nous en sommes s\u00fbr-e-s\u00a0: les commons, ou biens communs, sont une r\u00e9ponse aux grands d\u00e9fis de notre \u00e9poque \u2013 le changement climatique, les \u00e9normes in\u00e9galit\u00e9s \u00e9conomiques et la polarisation sociale croissante. Mais que sont les commons\u00a0? Nous connaissons tous des commons ou biens communs \u00e0 partir de notre vie quotidienne\u00a0: ce sont pour nous des [&hellip;]\" \/>\n<meta property=\"og:url\" content=\"https:\/\/wirtschaftsdemokratie.ch\/fr\/communs\/\" \/>\n<meta property=\"og:site_name\" content=\"d\u00e9mocratie \u00e9conomique\" \/>\n<meta property=\"article:modified_time\" content=\"2020-05-08T05:38:56+00:00\" \/>\n<meta name=\"twitter:card\" content=\"summary_large_image\" \/>\n<meta name=\"twitter:label1\" content=\"Dur\u00e9e de lecture estim\u00e9e\" \/>\n\t<meta name=\"twitter:data1\" content=\"3 minutes\" \/>\n<script type=\"application\/ld+json\" class=\"yoast-schema-graph\">{\"@context\":\"https:\\\/\\\/schema.org\",\"@graph\":[{\"@type\":\"WebPage\",\"@id\":\"https:\\\/\\\/wirtschaftsdemokratie.ch\\\/fr\\\/communs\\\/\",\"url\":\"https:\\\/\\\/wirtschaftsdemokratie.ch\\\/fr\\\/communs\\\/\",\"name\":\"Communs - d\u00e9mocratie \u00e9conomique\",\"isPartOf\":{\"@id\":\"https:\\\/\\\/wirtschaftsdemokratie.ch\\\/fr\\\/#website\"},\"datePublished\":\"2018-11-26T10:53:49+00:00\",\"dateModified\":\"2020-05-08T05:38:56+00:00\",\"breadcrumb\":{\"@id\":\"https:\\\/\\\/wirtschaftsdemokratie.ch\\\/fr\\\/communs\\\/#breadcrumb\"},\"inLanguage\":\"fr-FR\",\"potentialAction\":[{\"@type\":\"ReadAction\",\"target\":[\"https:\\\/\\\/wirtschaftsdemokratie.ch\\\/fr\\\/communs\\\/\"]}]},{\"@type\":\"BreadcrumbList\",\"@id\":\"https:\\\/\\\/wirtschaftsdemokratie.ch\\\/fr\\\/communs\\\/#breadcrumb\",\"itemListElement\":[{\"@type\":\"ListItem\",\"position\":1,\"name\":\"Startseite\",\"item\":\"https:\\\/\\\/wirtschaftsdemokratie.ch\\\/fr\\\/\"},{\"@type\":\"ListItem\",\"position\":2,\"name\":\"Communs\"}]},{\"@type\":\"WebSite\",\"@id\":\"https:\\\/\\\/wirtschaftsdemokratie.ch\\\/fr\\\/#website\",\"url\":\"https:\\\/\\\/wirtschaftsdemokratie.ch\\\/fr\\\/\",\"name\":\"d\u00e9mocratie \u00e9conomique\",\"description\":\"\",\"potentialAction\":[{\"@type\":\"SearchAction\",\"target\":{\"@type\":\"EntryPoint\",\"urlTemplate\":\"https:\\\/\\\/wirtschaftsdemokratie.ch\\\/fr\\\/?s={search_term_string}\"},\"query-input\":{\"@type\":\"PropertyValueSpecification\",\"valueRequired\":true,\"valueName\":\"search_term_string\"}}],\"inLanguage\":\"fr-FR\"}]}<\/script>\n<!-- \/ Yoast SEO plugin. -->","yoast_head_json":{"title":"Communs - d\u00e9mocratie \u00e9conomique","robots":{"index":"index","follow":"follow","max-snippet":"max-snippet:-1","max-image-preview":"max-image-preview:large","max-video-preview":"max-video-preview:-1"},"canonical":"https:\/\/wirtschaftsdemokratie.ch\/fr\/communs\/","og_locale":"fr_FR","og_type":"article","og_title":"Communs - d\u00e9mocratie \u00e9conomique","og_description":"Nous en sommes s\u00fbr-e-s\u00a0: les commons, ou biens communs, sont une r\u00e9ponse aux grands d\u00e9fis de notre \u00e9poque \u2013 le changement climatique, les \u00e9normes in\u00e9galit\u00e9s \u00e9conomiques et la polarisation sociale croissante. Mais que sont les commons\u00a0? Nous connaissons tous des commons ou biens communs \u00e0 partir de notre vie quotidienne\u00a0: ce sont pour nous des [&hellip;]","og_url":"https:\/\/wirtschaftsdemokratie.ch\/fr\/communs\/","og_site_name":"d\u00e9mocratie \u00e9conomique","article_modified_time":"2020-05-08T05:38:56+00:00","twitter_card":"summary_large_image","twitter_misc":{"Dur\u00e9e de lecture estim\u00e9e":"3 minutes"},"schema":{"@context":"https:\/\/schema.org","@graph":[{"@type":"WebPage","@id":"https:\/\/wirtschaftsdemokratie.ch\/fr\/communs\/","url":"https:\/\/wirtschaftsdemokratie.ch\/fr\/communs\/","name":"Communs - d\u00e9mocratie \u00e9conomique","isPartOf":{"@id":"https:\/\/wirtschaftsdemokratie.ch\/fr\/#website"},"datePublished":"2018-11-26T10:53:49+00:00","dateModified":"2020-05-08T05:38:56+00:00","breadcrumb":{"@id":"https:\/\/wirtschaftsdemokratie.ch\/fr\/communs\/#breadcrumb"},"inLanguage":"fr-FR","potentialAction":[{"@type":"ReadAction","target":["https:\/\/wirtschaftsdemokratie.ch\/fr\/communs\/"]}]},{"@type":"BreadcrumbList","@id":"https:\/\/wirtschaftsdemokratie.ch\/fr\/communs\/#breadcrumb","itemListElement":[{"@type":"ListItem","position":1,"name":"Startseite","item":"https:\/\/wirtschaftsdemokratie.ch\/fr\/"},{"@type":"ListItem","position":2,"name":"Communs"}]},{"@type":"WebSite","@id":"https:\/\/wirtschaftsdemokratie.ch\/fr\/#website","url":"https:\/\/wirtschaftsdemokratie.ch\/fr\/","name":"d\u00e9mocratie \u00e9conomique","description":"","potentialAction":[{"@type":"SearchAction","target":{"@type":"EntryPoint","urlTemplate":"https:\/\/wirtschaftsdemokratie.ch\/fr\/?s={search_term_string}"},"query-input":{"@type":"PropertyValueSpecification","valueRequired":true,"valueName":"search_term_string"}}],"inLanguage":"fr-FR"}]}},"_links":{"self":[{"href":"https:\/\/wirtschaftsdemokratie.ch\/fr\/wp-json\/wp\/v2\/pages\/363","targetHints":{"allow":["GET"]}}],"collection":[{"href":"https:\/\/wirtschaftsdemokratie.ch\/fr\/wp-json\/wp\/v2\/pages"}],"about":[{"href":"https:\/\/wirtschaftsdemokratie.ch\/fr\/wp-json\/wp\/v2\/types\/page"}],"author":[{"embeddable":true,"href":"https:\/\/wirtschaftsdemokratie.ch\/fr\/wp-json\/wp\/v2\/users\/137"}],"replies":[{"embeddable":true,"href":"https:\/\/wirtschaftsdemokratie.ch\/fr\/wp-json\/wp\/v2\/comments?post=363"}],"version-history":[{"count":25,"href":"https:\/\/wirtschaftsdemokratie.ch\/fr\/wp-json\/wp\/v2\/pages\/363\/revisions"}],"predecessor-version":[{"id":730,"href":"https:\/\/wirtschaftsdemokratie.ch\/fr\/wp-json\/wp\/v2\/pages\/363\/revisions\/730"}],"wp:attachment":[{"href":"https:\/\/wirtschaftsdemokratie.ch\/fr\/wp-json\/wp\/v2\/media?parent=363"}],"curies":[{"name":"wp","href":"https:\/\/api.w.org\/{rel}","templated":true}]}}