{"id":107,"date":"2016-08-10T19:38:06","date_gmt":"2016-08-10T17:38:06","guid":{"rendered":"https:\/\/wirtschaftsdemokratie.ch\/fr\/?page_id=107"},"modified":"2020-05-07T15:35:03","modified_gmt":"2020-05-07T13:35:03","slug":"contexte","status":"publish","type":"page","link":"https:\/\/wirtschaftsdemokratie.ch\/fr\/contexte\/","title":{"rendered":"Contexte"},"content":{"rendered":"<div id=\"pl-107\"  class=\"panel-layout\" ><div id=\"pg-107-0\"  class=\"panel-grid panel-no-style\" ><div id=\"pgc-107-0-0\"  class=\"panel-grid-cell panel-grid-cell-empty\" ><\/div><div id=\"pgc-107-0-1\"  class=\"panel-grid-cell panel-grid-cell-mobile-last\" ><div id=\"panel-107-0-1-0\" class=\"so-panel widget widget_sow-headline panel-first-child\" data-index=\"0\" ><div class=\"panel-widget-style panel-widget-style-for-107-0-1-0\" ><div\n\t\t\t\n\t\t\tclass=\"so-widget-sow-headline so-widget-sow-headline-default-ea0af4cf39ae-107\"\n\t\t\t\n\t\t><div class=\"sow-headline-container \">\n\t\t\t\t\t\t\t<h1 class=\"sow-headline\">\n\t\t\t\t\t\tContexte\t\t\t\t\t\t<\/h1>\n\t\t\t\t\t\t\t\t\t\t\t<div class=\"decoration\">\n\t\t\t\t\t\t<div class=\"decoration-inside\"><\/div>\n\t\t\t\t\t<\/div>\n\t\t\t\t\t<\/div>\n<\/div><\/div><\/div><div id=\"panel-107-0-1-1\" class=\"so-panel widget widget_sow-editor panel-last-child\" data-index=\"1\" ><div class=\"panel-widget-style panel-widget-style-for-107-0-1-1\" ><div\n\t\t\t\n\t\t\tclass=\"so-widget-sow-editor so-widget-sow-editor-base\"\n\t\t\t\n\t\t>\n<div class=\"siteorigin-widget-tinymce textwidget\">\n\t<p>L\u2019\u00e9conomie est de plus en plus au service de quelques privil\u00e9gi\u00e9-e-s. L\u2019on doit toujours davantage se subordonner aux profits des grandes entreprises, de leurs dirigeants et des superriches. Cela nuit \u00e0 la grande majorit\u00e9 des gens, \u00e0 notre bien commun, mais aussi \u00e0 la nature. En introduisant plus de d\u00e9mocratie dans l\u2019\u00e9conomie, nous pouvons changer cela. Ce ne sont plus quelques privil\u00e9gi\u00e9s qui doivent diriger l\u2019\u00e9conomie seuls. Nous devons le faire tou-te-s ensemble et sur un pied d\u2019\u00e9galit\u00e9. Nous cr\u00e9ons ainsi une \u00e9conomie qui sert la prosp\u00e9rit\u00e9, la libert\u00e9 et la vie d\u00e9cente de toutes et de tous.<\/p>\n<p>Le pr\u00e9sent site sert donc de plate-forme pour aborder les d\u00e9veloppements socialistes pertinents dans ce vaste domaine th\u00e9matique. Outre les contributions actuelles des parlementaires \u00e0 l\u2019\u00e9conomie sociale et solidaire, on y trouve \u00e9galement des suggestions pour sa propre vie quotidienne. Cette plate-forme propose \u00e9galement une s\u00e9lection de textes de base et des informations plus d\u00e9taill\u00e9es.<\/p>\n<\/div>\n<\/div><\/div><\/div><\/div><div id=\"pgc-107-0-2\"  class=\"panel-grid-cell panel-grid-cell-empty\" ><\/div><\/div><div id=\"pg-107-1\"  class=\"panel-grid panel-has-style\" ><div class=\"panel-row-style panel-row-style-for-107-1\" ><div id=\"pgc-107-1-0\"  class=\"panel-grid-cell\" ><div id=\"panel-107-1-0-0\" class=\"so-panel widget widget_create-accordion panel-first-child panel-last-child\" data-index=\"2\" ><div\n\t\t\t\n\t\t\tclass=\"so-widget-create-accordion so-widget-create-accordion-default-d75171398898-107\"\n\t\t\t\n\t\t>\n\n<div class=\"ct-accordion style1\" data-toggle=\"true\">\n\n    \n        <div class=\"ct-panel\">\n\n            <div class=\"ct-panel-title\">L\u2019\u00e9conomie du petit nombre<\/div>\n\n            <div class=\"ct-panel-content\"><p>Aujourd\u2019hui, l\u2019\u00e9conomie est de plus en plus au service d\u2019un petit nombre de personnes et d\u2019entit\u00e9s (organismes, etc.). Les grandes entreprises, leurs dirigeant-e-s et une petite \u00e9lite de personnes superriches cherchent toujours plus \u00e0 imposer leurs int\u00e9r\u00eats et ainsi \u00e0 accaparer toujours plus de profits.<\/p>\n<p>Cela nuit \u00e0 la grande majorit\u00e9 de la population. La plupart des employ\u00e9-e-s ne per\u00e7oivent gu\u00e8re de salaires plus \u00e9lev\u00e9s. Les emplois ne sont plus aussi s\u00fbrs que par le pass\u00e9. Les ind\u00e9pendant-e-s ploient sous des marges toujours plus r\u00e9duites et les exigences outranci\u00e8res des banques et des propri\u00e9taires. Et, apr\u00e8s le d\u00e9part \u00e0 la retraite, les rentes ne permettent pas de faire de folies.<\/p>\n<p>Parall\u00e8lement, beaucoup ressentent la pression de faire encore plus pour g\u00e9n\u00e9rer des rendements toujours plus \u00e9lev\u00e9s pour le profit d\u2019un petit nombre. Le stress augmente, l\u2019estime t\u00e9moign\u00e9e ou simplement \u00ab\u00a0\u00e9prouv\u00e9e\u00a0\u00bb \u00e0 l\u2019\u00e9gard des travailleuses\/travailleurs diminue et il y a peu de place pour le d\u00e9veloppement ou l\u2019\u00e9panouissement personnel au travail. Nous nous trouvons dans une roue de hamster, dans laquelle nous sommes cens\u00e9-e-s r\u00e9aliser toujours plus et toujours plus vite \u2013 jusqu\u2019\u00e0 l\u2019\u00e9puisement.<\/p>\n<p>Dans l\u2019\u00e9conomie du petit nombre, les besoins de la majorit\u00e9 sont r\u00e9guli\u00e8rement ignor\u00e9s. Parce qu\u2019elle augmente les profits de quelques-uns, on sp\u00e9cule sur les march\u00e9s financiers d\u2019une fa\u00e7on qui est dangereuse pour la collectivit\u00e9, on s\u2019ent\u00eate \u00e0 conserver des sources d\u2019\u00e9nergie nuisibles pour l\u2019environnement ou on produit un luxe extravagant pour les superriches de ce monde. Dans le m\u00eame temps, les investissements dans la formation, les soins, les logements abordables ou m\u00eame dans les technologies du futur sont insuffisants. Parce qu\u2019ils ne permettent pas de g\u00e9n\u00e9rer (ni de gagner) suffisamment d\u2019argent.<\/p>\n<\/div>\n\n        <\/div>\n\n        \n        <div class=\"ct-panel\">\n\n            <div class=\"ct-panel-title\">La politique du petit nombre<\/div>\n\n            <div class=\"ct-panel-content\"><p>Comme l\u2019\u00e9conomie, la politique est aussi au service du petit nombre. La majorit\u00e9 bourgeoise d\u00e9fend toujours les int\u00e9r\u00eats des grandes entreprises, des hauts revenus et des superriches. Elle adapte les lois \u00e0 leurs besoins et r\u00e9duit toujours plus leurs imp\u00f4ts \u2013 m\u00eame si cela met les finances publiques au bord du gouffre. La grande majorit\u00e9 des gens souffre de la politique du petit nombre. Avec les coupes dans l\u2019\u00e9ducation, la recherche et les infrastructures, les forces bourgeoises mettent en danger la coh\u00e9sion sociale et notre prosp\u00e9rit\u00e9. Elles s\u2019accommodent fort bien du fait que l\u2019on puisse mettre les salaires sous pression et faire peser une charge toujours plus lourde sur les m\u00e9nages en mati\u00e8re d\u2019assurance maladie, de loyers et de taxes. Elles s\u2019attaquent \u00e0 nos pensions et \u00e0 nos \u0153uvres sociales. De plus, elles emp\u00eachent une protection r\u00e9ellement efficace de l\u2019environnement.<\/p>\n<p>Afin de d\u00e9tourner l\u2019attention de cette politique du petit nombre, le camp bourgeois encourage l\u2019opposition et la confrontation. Il veut nous convaincre que notre situation sera meilleure seulement si nous adoptons une position suffisamment ferme \u00e0 l\u2019\u00e9gard des \u00e9trangers, des plus faibles socialement ou de l\u2019Europe. Or, avec la mise \u00e0 distance de nos voisins et de nos semblables, nous nous tirons une balle dans le pied. Non seulement nous nous isolons en tant que nation, mais encore nous c\u00e9dons \u00e0 la crainte, \u00e0 la m\u00e9fiance et \u00e0 l\u2019insatisfaction en tant qu\u2019\u00eatres humains. Et la stigmatisation et le d\u00e9nigrement constants des plus faibles font de nous tou-te-s \u2013 aussi performant-e-s que nous soyons aujourd\u2019hui \u2013 des victimes potentielles de l\u2019exclusion sociale \u00e0 l\u2019avenir.<\/p>\n<\/div>\n\n        <\/div>\n\n        \n        <div class=\"ct-panel\">\n\n            <div class=\"ct-panel-title\">Avec plus de d\u00e9mocratie, en route vers une \u00e9conomie pour tou-te-s, sans privil\u00e8ges<\/div>\n\n            <div class=\"ct-panel-content\"><p>Les int\u00e9r\u00eats du petit nombre d\u00e9terminent la politique et l\u2019\u00e9conomie, car ce petit nombre a plus de pouvoir que la grande majorit\u00e9 de la population. Gr\u00e2ce \u00e0 un r\u00e9gime juridique de la propri\u00e9t\u00e9 (syst\u00e8me de propri\u00e9t\u00e9) adapt\u00e9 \u00e0 leurs besoins, les membres de cette minorit\u00e9 d\u00e9tiennent dans les entreprises, en tant que propri\u00e9taires et gestionnaires de capitaux, le pouvoir de disposer (pouvoir discr\u00e9tionnaire). Ce sont eux qui d\u00e9cident comment et \u00e0 quelles fins nous travaillons. Gr\u00e2ce \u00e0 leur richesse, ils peuvent se permettre d\u2019acheter de puissants lobbies pour t\u00e9l\u00e9commander les politicien-ne-s. Leur argent leur permet \u00e9galement, d\u2019entente avec les groupes de presse \u2013 qu\u2019ils poss\u00e8dent en grande partie \u2013, d\u2019influencer l\u2019opinion publique bien plus que toutes les autres forces sociales.<\/p>\n<p>Nous ne pourrons briser ce pouvoir du petit nombre qu\u2019avec plus de d\u00e9mocratie. La d\u00e9mocratie signifie que nous, en tant que personnes libres et \u00e9gales, menons une vie autod\u00e9termin\u00e9e, cherchons des solutions ensemble et d\u00e9cidons des affaires publiques ensemble. La d\u00e9mocratie, c\u2019est faire confiance aux gens et garantir \u00e0 chacune et \u00e0 chacun une place permanente en tant que personne \u00e9gale aux autres en droits \u2013 sans distinction de sexe, d\u2019origine, d\u2019orientation sexuelle, de profession ou de fa\u00e7on de penser. La d\u00e9mocratie ne tol\u00e8re pas les privil\u00e8ges. Aucun groupe et aucun int\u00e9r\u00eat particulier ne doit pouvoir disposer des autres, personne ne doit \u00eatre subordonn\u00e9. La d\u00e9mocratie est la promesse moderne que les personnes concern\u00e9es peuvent participer \u00e0 la prise de d\u00e9cisions. Mais ce noble id\u00e9al ne peut devenir r\u00e9alit\u00e9 que si la d\u00e9mocratie englobe tous les domaines importants de la vie. Tel n\u2019est pas le cas aujourd\u2019hui. L\u2019\u00e9conomie, en particulier, est une zone qui est largement vide de d\u00e9mocratie et o\u00f9 pr\u00e9valent encore des conditions f\u00e9odales. Les propri\u00e9taires du capital et leurs repr\u00e9sentant-e-s au sein des directions et des conseils d\u2019administration ont ici le pouvoir de disposition (pouvoir discr\u00e9tionnaire).<\/p>\n<p>Nos \u00e9lections et nos votations sont d\u00e9mocratiques pour la raison que, en tant que citoyen-ne-s, nous d\u00e9cidons d\u2019une voix \u00e9gale sur les questions politiques qui nous concernent tou-te-s. Nous cr\u00e9erons plus de d\u00e9mocratie lorsque \u2013 dans l\u2019\u00e9conomie et dans d\u2019autres domaines de la soci\u00e9t\u00e9 o\u00f9 nous sommes maintenant largement d\u00e9termin\u00e9-e-s de l\u2019ext\u00e9rieur \u2013 nous d\u00e9ciderons ensemble des questions qui influent sur nos vies. Dans l\u2019\u00e9conomie, cela ne signifie rien d\u2019autre que de veiller \u00e0 ce qu\u2019une minorit\u00e9 de personnes ne soit plus seule \u00e0 d\u00e9cider. Parce que l\u2019\u00e9conomie est une affaire publique. Une \u00e9conomie d\u00e9mocratique ne d\u00e9truit pas les march\u00e9s. Elle permet plut\u00f4t \u00e0 chacun-e de tirer profit de ceux-ci, car le pouvoir n\u2019est plus concentr\u00e9 entre les mains d\u2019une minorit\u00e9. Seule la d\u00e9mocratisation peut nous permettre de garantir que l\u2019\u00e9conomie est au service de tou-te-s et qu\u2019elle ne sert pas seulement \u00e0 une minorit\u00e9 pour engranger des profits. Seule une \u00e9conomie d\u00e9mocratique peut garantir le bien commun et une bonne vie autod\u00e9termin\u00e9e pour tou-te-s.<\/p>\n<\/div>\n\n        <\/div>\n\n        \n        <div class=\"ct-panel\">\n\n            <div class=\"ct-panel-title\">Les voies vers une \u00e9conomie d\u00e9mocratique<\/div>\n\n            <div class=\"ct-panel-content\"><p>Il n\u2019y a pas qu\u2019une seule fa\u00e7on correcte de faire advenir une \u00e9conomie d\u00e9mocratique. Diverses mesures peuvent r\u00e9duire les privil\u00e8ges du petit nombre et accro\u00eetre l\u2019autod\u00e9termination de la majorit\u00e9.<\/p>\n<p>La d\u00e9mocratisation de l\u2019\u00e9conomie et de la soci\u00e9t\u00e9 commence dans la vie de tous les jours\u00a0: lorsque nous refusons de nous opposer les uns aux autres. Lorsque nous nous organisons ensemble et prenons nos responsabilit\u00e9s. Lorsque nous revendiquons le droit \u2212 et utilisons les possibilit\u00e9s \u2212 de nous exprimer sur nos conditions de vie. Que ce soit sur le lieu de travail, \u00e0 l\u2019\u00e9cole de nos enfants, dans le foyer pour personnes \u00e2g\u00e9es, lorsque nous consommons ou lors de l\u2019am\u00e9nagement du quartier. L\u2019engagement commun \u00e0 ne pas se contenter du b\u00e9n\u00e9fice individuel, pour le bien commun, voil\u00e0 ce que signifie \u00ab\u00a0vivre la d\u00e9mocratie\u00a0\u00bb. Bien s\u00fbr, cela ne suffit pas\u00a0:<\/p>\n<ul>\n<li><strong>Une \u00e9conomie d\u00e9mocratique rompt avec le pouvoir des superriches et des march\u00e9s financiers.<\/strong> Cela n\u00e9cessite une redistribution de la richesse sociale \u2013 tant ici en Suisse qu\u2019au niveau mondial. C\u2019est aux march\u00e9s financiers de respecter les r\u00e8gles du jeu sociales, et non l\u2019inverse. Une r\u00e9glementation bancaire efficace, des imp\u00f4ts sur la fortune, une taxe sur les transactions financi\u00e8res et une proc\u00e9dure transparente d\u2019examen des avantages sociaux des produits financiers nouvellement propos\u00e9s sont des \u00e9l\u00e9ments centraux d\u2019une \u00e9conomie d\u00e9mocratique.<\/li>\n<li><strong>Une \u00e9conomie d\u00e9mocratique investit dans l\u2019int\u00e9r\u00eat public.<\/strong> Cela n\u00e9cessite un syst\u00e8me bancaire d\u00e9mocratique et des fonds d\u2019investissement contr\u00f4l\u00e9s d\u00e9mocratiquement. Ceux-ci garantissent le financement de projets durables sur les plans social et environnemental. Ils offrent aux\u00a0PME des cr\u00e9dits (pr\u00eats) bon march\u00e9, investissent dans les infrastructures et promeuvent les technologies du futur. Les actifs des caisses de pension sont d\u00e9j\u00e0 d\u00e9tenus par la majorit\u00e9 de la population. Cela n\u00e9cessite une transition planifi\u00e9e vers une logique d\u2019investissement \u00e0 long terme. Les possibilit\u00e9s d\u00e9j\u00e0 existantes de cogestion (cod\u00e9termination) des personnes actives professionnellement dans les caisses de pension doivent \u00eatre utilis\u00e9es plus activement et \u00eatre \u00e9largies.<\/li>\n<li><strong>Une \u00e9conomie d\u00e9mocratique permet aux personnes travaillant en entreprise et \u00e0 la soci\u00e9t\u00e9 civile d\u2019avoir leur mot \u00e0 dire.<\/strong> Elle fixe des limites claires au pouvoir discr\u00e9tionnaire des principaux actionnaires et gestionnaires. Des r\u00e9formes plus profondes remettent les entreprises entre les mains des travailleurs et des travailleuses par l\u2019utilisation progressive d\u2019une partie des b\u00e9n\u00e9fices pour racheter des actions priv\u00e9es. Les entreprises du service public en particulier \u2013 contrairement \u00e0 ce qui se passe aujourd\u2019hui \u2013 doivent \u00eatre structur\u00e9es et g\u00e9r\u00e9es d\u00e9mocratiquement.<\/li>\n<li><strong>Une \u00e9conomie d\u00e9mocratique encourage l\u2019entrepreneuriat social et solidaire.<\/strong> Les conditions-cadres politiques pour les coop\u00e9ratives et les autres entreprises progressistes doivent \u00eatre am\u00e9lior\u00e9es de mani\u00e8re cibl\u00e9e. Des m\u00e9canismes clairs et aussi peu bureaucratiques que possible doivent \u00eatre \u00e9tablis pour permettre la transformation des entreprises en entreprises autog\u00e9r\u00e9es ou en coop\u00e9ratives en cas de fermeture d\u2019entreprise ou s\u2019il n\u2019y a pas de successeur dans une entreprise familiale. Les cr\u00e9dits pour le financement interm\u00e9diaire ou initial (de d\u00e9marrage) doivent \u00eatre accord\u00e9s \u00e0 des taux favorables.<\/li>\n<li><strong>Une \u00e9conomie d\u00e9mocratique s\u2019appuie sur l\u2019organisation syndicale.<\/strong> L\u2019organisation syndicale rend possibles le partenariat social et les conventions collectives de travail. Cela permet d\u00e9j\u00e0 de garantir aujourd\u2019hui qu\u2019un petit nombre de nantis ne peut pas avoir un contr\u00f4le total sur les personnes actives. Les conventions collectives de travail sont une assise sur laquelle une \u00e9conomie d\u00e9mocratique peut (se) construire. Cela dit, celle-ci doit \u00e0 plus long terme voir au-del\u00e0. En \u00e9tendant et en approfondissant la d\u00e9mocratie, nous voulons changer l\u2019\u00e9conomie de l\u2019int\u00e9rieur. Nous voulons des entreprises qui ont en point de mire le bien commun plut\u00f4t que la maximisation des profits et qui prennent les d\u00e9cisions en cons\u00e9quence \u2013 justement parce que les personnes concern\u00e9es b\u00e9n\u00e9ficient d\u2019un pouvoir de cod\u00e9cision.<\/li>\n<\/ul>\n<\/div>\n\n        <\/div>\n\n        \n        <div class=\"ct-panel\">\n\n            <div class=\"ct-panel-title\">La Suisse, la d\u00e9mocratie et le socialisme<\/div>\n\n            <div class=\"ct-panel-content\"><p>Cr\u00e9er plus de d\u00e9mocratie signifie poursuivre une longue tradition suisse. Rien que la fondation de la Suisse moderne, en\u00a01848, renvoie \u00e0 la lutte fructueuse contre les privil\u00e8ges de la noblesse et pour la d\u00e9mocratie. La Constitution f\u00e9d\u00e9rale a garanti pour la premi\u00e8re fois l\u2019\u00e9galit\u00e9 des droits \u00e0 tous les citoyens de sexe masculin.<\/p>\n<p>Dans la foul\u00e9e, la lutte pour l\u2019\u00e9galit\u00e9 des droits et la libert\u00e9 a \u00e9galement \u00e9t\u00e9 men\u00e9e dans d\u2019autres domaines sociaux. Le socialisme a toujours jou\u00e9 un r\u00f4le de premier plan \u00e0 cet \u00e9gard. Il s\u2019est toujours battu pour l\u2019ancrage de la d\u00e9mocratie dans la sph\u00e8re sociale, c\u2019est-\u00e0-dire dans la soci\u00e9t\u00e9 dans son ensemble\u00a0:<\/p>\n<ul>\n<li>Avec les travailleurs et travailleuses, il a progressivement permis d\u2019obtenir, de haute lutte, des droits sociaux et politiques, ce qui a am\u00e9lior\u00e9 la participation sociale de la majorit\u00e9 moins ais\u00e9e de Suisse. La loi sur la repr\u00e9sentation proportionnelle de\u00a01918 et l\u2019introduction de l\u2019AVS en\u00a01948 comptent au nombre des jalons de cette lutte fructueuse pour plus de d\u00e9mocratie.<\/li>\n<li>Le mouvement des femmes a obtenu le suffrage f\u00e9minin en\u00a01971 et l\u2019\u00e9galit\u00e9 politique des femmes en\u00a01981 avec l\u2019article constitutionnel \u00ab\u00a0\u00c9galit\u00e9 des droits entre hommes et femmes\u00a0\u00bb \u2013 ce qui a permis de poursuivre la d\u00e9mocratisation de la Suisse.<\/li>\n<li>La r\u00e9bellion des mouvements sociaux \u00e0 partir de\u00a01968 a entra\u00een\u00e9 un d\u00e9gel dans de nombreux domaines sociaux et \u00e9cologiques. Le socialisme s\u2019est saisi des pr\u00e9occupations ambiantes. La pens\u00e9e critique, l\u2019\u00e9ducation libre et une vie plus autod\u00e9termin\u00e9e ont remplac\u00e9 les concepts moraux restrictifs d\u2019une \u00e9lite conservatrice. La protection de l\u2019environnement a ralenti la destruction de la nature par des int\u00e9r\u00eats particuliers, du moins dans certains domaines. Et, au plus tard avec la loi sur le partenariat\u00a0(LPart) de\u00a02005, les ann\u00e9es d\u2019engagement en faveur de l\u2019\u00e9galit\u00e9 entre les couples homosexuels et h\u00e9t\u00e9rosexuels ont port\u00e9 leurs fruits.<\/li>\n<\/ul>\n<p>L\u2019histoire nous montre que dans ce pays, les gens ont toujours uni leurs forces pour lutter pour l\u2019\u00e9galit\u00e9 des droits et des libert\u00e9s \u2013 et ainsi, pas \u00e0 pas, faire advenir plus de d\u00e9mocratie. Aujourd\u2019hui, la d\u00e9mocratie politique est sur le point d\u2019atteindre ses limites. Le Parlement et les droits populaires tels que nous les connaissons sont de moins en moins capables de trouver des r\u00e9ponses aux d\u00e9fis actuels et d\u2019affirmer ou d\u2019imposer l\u2019int\u00e9r\u00eat public contre le pouvoir du petit nombre. Le temps est donc venu de faire un pas de plus et de se battre pour un \u00e9largissement et un approfondissement de la d\u00e9mocratie. Pour une d\u00e9mocratie qui permette aux gens de participer \u00e0 tous les domaines de la vie. Pour une d\u00e9mocratie qui englobe l\u2019\u00e9conomie et la ram\u00e8ne dans la soci\u00e9t\u00e9.<\/p>\n<\/div>\n\n        <\/div>\n\n        \n<\/div><\/div><\/div><\/div><\/div><\/div><div id=\"pg-107-2\"  class=\"panel-grid panel-no-style\" ><div id=\"pgc-107-2-0\"  class=\"panel-grid-cell panel-grid-cell-empty\" ><\/div><div id=\"pgc-107-2-1\"  class=\"panel-grid-cell panel-grid-cell-mobile-last\" ><div id=\"panel-107-2-1-0\" class=\"so-panel widget widget_sow-editor panel-first-child panel-last-child\" data-index=\"3\" ><div\n\t\t\t\n\t\t\tclass=\"so-widget-sow-editor so-widget-sow-editor-base\"\n\t\t\t\n\t\t>\n<div class=\"siteorigin-widget-tinymce textwidget\">\n\t<p>La d\u00e9mocratie et la soci\u00e9t\u00e9 de l\u2019avenir doivent \u00eatre fa\u00e7onn\u00e9es en commun. Il existe des exemples pratiques, des mod\u00e8les et des id\u00e9es, mais pas de plan directeur. Nous avons besoin de courage et d\u2019une bonne dose de cr\u00e9ativit\u00e9 pour innover, pour concevoir de nouvelles formes et institutions de participation d\u00e9mocratique et pour les concr\u00e9tiser. L\u2019histoire montre clairement que tout doit \u00eatre conquis de haute lutte et que rien ne tombe du ciel. De tout temps, une minorit\u00e9 de nantis et les privil\u00e9gi\u00e9s ont lutt\u00e9 contre le progr\u00e8s. Et, de tout temps, l\u2019indiff\u00e9rence et la peur ont mis en p\u00e9ril les progr\u00e8s r\u00e9alis\u00e9s. Il n\u2019en ira pas autrement \u00e0 l\u2019avenir. Mais ensemble, nous pouvons r\u00e9ussir.<\/p>\n<\/div>\n<\/div><\/div><\/div><div id=\"pgc-107-2-2\"  class=\"panel-grid-cell panel-grid-cell-empty\" ><\/div><\/div><\/div>","protected":false},"excerpt":{"rendered":"<p>L\u2019\u00e9conomie est de plus en plus au service de quelques privil\u00e9gi\u00e9-e-s. L\u2019on doit toujours davantage se subordonner aux profits des grandes entreprises, de leurs dirigeants et des superriches. Cela nuit \u00e0 la grande majorit\u00e9 des gens, \u00e0 notre bien commun, mais aussi \u00e0 la nature. En introduisant plus de d\u00e9mocratie dans l\u2019\u00e9conomie, nous pouvons changer &hellip; <a href=\"https:\/\/wirtschaftsdemokratie.ch\/fr\/contexte\/\" title=\"Contexte\" class=\"read-more\">Lire la suite<\/a><\/p>\n","protected":false},"author":68,"featured_media":0,"parent":0,"menu_order":0,"comment_status":"closed","ping_status":"closed","template":"","meta":{"footnotes":""},"class_list":["post-107","page","type-page","status-publish","hentry"],"yoast_head":"<!-- This site is optimized with the Yoast SEO plugin v27.5 - https:\/\/yoast.com\/product\/yoast-seo-wordpress\/ -->\n<title>Contexte - d\u00e9mocratie \u00e9conomique<\/title>\n<meta name=\"robots\" content=\"index, follow, max-snippet:-1, max-image-preview:large, max-video-preview:-1\" \/>\n<link rel=\"canonical\" href=\"https:\/\/wirtschaftsdemokratie.ch\/fr\/contexte\/\" \/>\n<meta property=\"og:locale\" content=\"fr_FR\" \/>\n<meta property=\"og:type\" content=\"article\" \/>\n<meta property=\"og:title\" content=\"Contexte - d\u00e9mocratie \u00e9conomique\" \/>\n<meta property=\"og:description\" content=\"L\u2019\u00e9conomie est de plus en plus au service de quelques privil\u00e9gi\u00e9-e-s. L\u2019on doit toujours davantage se subordonner aux profits des grandes entreprises, de leurs dirigeants et des superriches. Cela nuit \u00e0 la grande majorit\u00e9 des gens, \u00e0 notre bien commun, mais aussi \u00e0 la nature. En introduisant plus de d\u00e9mocratie dans l\u2019\u00e9conomie, nous pouvons changer [&hellip;]\" \/>\n<meta property=\"og:url\" content=\"https:\/\/wirtschaftsdemokratie.ch\/fr\/contexte\/\" \/>\n<meta property=\"og:site_name\" content=\"d\u00e9mocratie \u00e9conomique\" \/>\n<meta property=\"article:modified_time\" content=\"2020-05-07T13:35:03+00:00\" \/>\n<meta name=\"twitter:card\" content=\"summary_large_image\" \/>\n<meta name=\"twitter:label1\" content=\"Dur\u00e9e de lecture estim\u00e9e\" \/>\n\t<meta name=\"twitter:data1\" content=\"2 minutes\" \/>\n<script type=\"application\/ld+json\" class=\"yoast-schema-graph\">{\"@context\":\"https:\\\/\\\/schema.org\",\"@graph\":[{\"@type\":\"WebPage\",\"@id\":\"https:\\\/\\\/wirtschaftsdemokratie.ch\\\/fr\\\/contexte\\\/\",\"url\":\"https:\\\/\\\/wirtschaftsdemokratie.ch\\\/fr\\\/contexte\\\/\",\"name\":\"Contexte - d\u00e9mocratie \u00e9conomique\",\"isPartOf\":{\"@id\":\"https:\\\/\\\/wirtschaftsdemokratie.ch\\\/fr\\\/#website\"},\"datePublished\":\"2016-08-10T17:38:06+00:00\",\"dateModified\":\"2020-05-07T13:35:03+00:00\",\"breadcrumb\":{\"@id\":\"https:\\\/\\\/wirtschaftsdemokratie.ch\\\/fr\\\/contexte\\\/#breadcrumb\"},\"inLanguage\":\"fr-FR\",\"potentialAction\":[{\"@type\":\"ReadAction\",\"target\":[\"https:\\\/\\\/wirtschaftsdemokratie.ch\\\/fr\\\/contexte\\\/\"]}]},{\"@type\":\"BreadcrumbList\",\"@id\":\"https:\\\/\\\/wirtschaftsdemokratie.ch\\\/fr\\\/contexte\\\/#breadcrumb\",\"itemListElement\":[{\"@type\":\"ListItem\",\"position\":1,\"name\":\"Startseite\",\"item\":\"https:\\\/\\\/wirtschaftsdemokratie.ch\\\/fr\\\/\"},{\"@type\":\"ListItem\",\"position\":2,\"name\":\"Contexte\"}]},{\"@type\":\"WebSite\",\"@id\":\"https:\\\/\\\/wirtschaftsdemokratie.ch\\\/fr\\\/#website\",\"url\":\"https:\\\/\\\/wirtschaftsdemokratie.ch\\\/fr\\\/\",\"name\":\"d\u00e9mocratie \u00e9conomique\",\"description\":\"\",\"potentialAction\":[{\"@type\":\"SearchAction\",\"target\":{\"@type\":\"EntryPoint\",\"urlTemplate\":\"https:\\\/\\\/wirtschaftsdemokratie.ch\\\/fr\\\/?s={search_term_string}\"},\"query-input\":{\"@type\":\"PropertyValueSpecification\",\"valueRequired\":true,\"valueName\":\"search_term_string\"}}],\"inLanguage\":\"fr-FR\"}]}<\/script>\n<!-- \/ Yoast SEO plugin. -->","yoast_head_json":{"title":"Contexte - d\u00e9mocratie \u00e9conomique","robots":{"index":"index","follow":"follow","max-snippet":"max-snippet:-1","max-image-preview":"max-image-preview:large","max-video-preview":"max-video-preview:-1"},"canonical":"https:\/\/wirtschaftsdemokratie.ch\/fr\/contexte\/","og_locale":"fr_FR","og_type":"article","og_title":"Contexte - d\u00e9mocratie \u00e9conomique","og_description":"L\u2019\u00e9conomie est de plus en plus au service de quelques privil\u00e9gi\u00e9-e-s. L\u2019on doit toujours davantage se subordonner aux profits des grandes entreprises, de leurs dirigeants et des superriches. Cela nuit \u00e0 la grande majorit\u00e9 des gens, \u00e0 notre bien commun, mais aussi \u00e0 la nature. En introduisant plus de d\u00e9mocratie dans l\u2019\u00e9conomie, nous pouvons changer [&hellip;]","og_url":"https:\/\/wirtschaftsdemokratie.ch\/fr\/contexte\/","og_site_name":"d\u00e9mocratie \u00e9conomique","article_modified_time":"2020-05-07T13:35:03+00:00","twitter_card":"summary_large_image","twitter_misc":{"Dur\u00e9e de lecture estim\u00e9e":"2 minutes"},"schema":{"@context":"https:\/\/schema.org","@graph":[{"@type":"WebPage","@id":"https:\/\/wirtschaftsdemokratie.ch\/fr\/contexte\/","url":"https:\/\/wirtschaftsdemokratie.ch\/fr\/contexte\/","name":"Contexte - d\u00e9mocratie \u00e9conomique","isPartOf":{"@id":"https:\/\/wirtschaftsdemokratie.ch\/fr\/#website"},"datePublished":"2016-08-10T17:38:06+00:00","dateModified":"2020-05-07T13:35:03+00:00","breadcrumb":{"@id":"https:\/\/wirtschaftsdemokratie.ch\/fr\/contexte\/#breadcrumb"},"inLanguage":"fr-FR","potentialAction":[{"@type":"ReadAction","target":["https:\/\/wirtschaftsdemokratie.ch\/fr\/contexte\/"]}]},{"@type":"BreadcrumbList","@id":"https:\/\/wirtschaftsdemokratie.ch\/fr\/contexte\/#breadcrumb","itemListElement":[{"@type":"ListItem","position":1,"name":"Startseite","item":"https:\/\/wirtschaftsdemokratie.ch\/fr\/"},{"@type":"ListItem","position":2,"name":"Contexte"}]},{"@type":"WebSite","@id":"https:\/\/wirtschaftsdemokratie.ch\/fr\/#website","url":"https:\/\/wirtschaftsdemokratie.ch\/fr\/","name":"d\u00e9mocratie \u00e9conomique","description":"","potentialAction":[{"@type":"SearchAction","target":{"@type":"EntryPoint","urlTemplate":"https:\/\/wirtschaftsdemokratie.ch\/fr\/?s={search_term_string}"},"query-input":{"@type":"PropertyValueSpecification","valueRequired":true,"valueName":"search_term_string"}}],"inLanguage":"fr-FR"}]}},"_links":{"self":[{"href":"https:\/\/wirtschaftsdemokratie.ch\/fr\/wp-json\/wp\/v2\/pages\/107","targetHints":{"allow":["GET"]}}],"collection":[{"href":"https:\/\/wirtschaftsdemokratie.ch\/fr\/wp-json\/wp\/v2\/pages"}],"about":[{"href":"https:\/\/wirtschaftsdemokratie.ch\/fr\/wp-json\/wp\/v2\/types\/page"}],"author":[{"embeddable":true,"href":"https:\/\/wirtschaftsdemokratie.ch\/fr\/wp-json\/wp\/v2\/users\/68"}],"replies":[{"embeddable":true,"href":"https:\/\/wirtschaftsdemokratie.ch\/fr\/wp-json\/wp\/v2\/comments?post=107"}],"version-history":[{"count":15,"href":"https:\/\/wirtschaftsdemokratie.ch\/fr\/wp-json\/wp\/v2\/pages\/107\/revisions"}],"predecessor-version":[{"id":723,"href":"https:\/\/wirtschaftsdemokratie.ch\/fr\/wp-json\/wp\/v2\/pages\/107\/revisions\/723"}],"wp:attachment":[{"href":"https:\/\/wirtschaftsdemokratie.ch\/fr\/wp-json\/wp\/v2\/media?parent=107"}],"curies":[{"name":"wp","href":"https:\/\/api.w.org\/{rel}","templated":true}]}}