{"id":101,"date":"2016-08-09T12:15:30","date_gmt":"2016-08-09T10:15:30","guid":{"rendered":"https:\/\/wirtschaftsdemokratie.ch\/fr\/home\/"},"modified":"2020-05-08T18:48:22","modified_gmt":"2020-05-08T16:48:22","slug":"home","status":"publish","type":"page","link":"https:\/\/wirtschaftsdemokratie.ch\/fr\/","title":{"rendered":"Home"},"content":{"rendered":"<div id=\"pl-101\"  class=\"panel-layout\" ><div id=\"pg-101-0\"  class=\"panel-grid panel-no-style\" ><div id=\"pgc-101-0-0\"  class=\"panel-grid-cell panel-grid-cell-empty\" ><\/div><div id=\"pgc-101-0-1\"  class=\"panel-grid-cell panel-grid-cell-mobile-last\" ><div id=\"panel-101-0-1-0\" class=\"so-panel widget widget_sow-headline panel-first-child\" data-index=\"0\" ><div class=\"panel-widget-style panel-widget-style-for-101-0-1-0\" ><div\n\t\t\t\n\t\t\tclass=\"so-widget-sow-headline so-widget-sow-headline-default-ea0af4cf39ae-101\"\n\t\t\t\n\t\t><div class=\"sow-headline-container \">\n\t\t\t\t\t\t\t<h1 class=\"sow-headline\">\n\t\t\t\t\t\tConsid\u00e9rations actuelles en lien avec la pand\u00e9mie de coronavirus\t\t\t\t\t\t<\/h1>\n\t\t\t\t\t\t\t\t\t\t\t<div class=\"decoration\">\n\t\t\t\t\t\t<div class=\"decoration-inside\"><\/div>\n\t\t\t\t\t<\/div>\n\t\t\t\t\t<\/div>\n<\/div><\/div><\/div><div id=\"panel-101-0-1-1\" class=\"so-panel widget widget_sow-editor panel-last-child\" data-index=\"1\" ><div\n\t\t\t\n\t\t\tclass=\"so-widget-sow-editor so-widget-sow-editor-base\"\n\t\t\t\n\t\t>\n<div class=\"siteorigin-widget-tinymce textwidget\">\n\t<p>L\u2019actuelle pand\u00e9mie de coronavirus nous d\u00e9voile clairement les faiblesses du tout-puissant r\u00e9gime de march\u00e9 capitaliste. En ce moment, l\u2019in\u00e9galit\u00e9 sociale et \u00e9conomique non seulement d\u00e9termine la capacit\u00e9 de r\u00e9silience \u00e0 l\u2019\u00e9tat d\u2019urgence actuel, mais encore elle d\u00e9cide parfois de la vie ou de la mort. Dans le m\u00eame temps, la transformation forc\u00e9e de nos soci\u00e9t\u00e9s en soci\u00e9t\u00e9s comp\u00e9titives, en \u00ab\u00a0d\u00e9mocraties conformes aux conditions du march\u00e9\u00a0\u00bb (Angela Merkel), a jou\u00e9 un r\u00f4le important dans l\u2019urgence sociale et \u00e9conomique actuelle. Ces derni\u00e8res ann\u00e9es, le syst\u00e8me de sant\u00e9, en particulier, est devenu un laboratoire d\u2019essai des logiques du march\u00e9\u00a0: le fait que les lits de soins intensifs et les v\u00eatements de protection destin\u00e9s aux personnes qui apportent leur aide soient maintenus artificiellement \u00e0 un bas niveau de disponibilit\u00e9, que le personnel qualifi\u00e9 soit en sous-effectif ou soit mal pay\u00e9, que les h\u00f4pitaux soient ferm\u00e9s ou sous-financ\u00e9s pour des raisons de co\u00fbt ou d\u2019efficacit\u00e9, que les personnes vivant dans les \u00e9tablissements m\u00e9dico-sociaux ne puissent pas \u00eatre soign\u00e9es avec le temps et l\u2019attention n\u00e9cessaires, mais aussi que des milliers de personnes tombent dans une d\u00e9tresse existentielle en tr\u00e8s peu de temps en raison de la perte de revenus \u2013 tout cela est le r\u00e9sultat d\u2019un r\u00e9gime \u00e9conomique qui place les int\u00e9r\u00eats du capital au-dessus du bien-\u00eatre de la population. L\u2019\u00e9conomie de march\u00e9 capitaliste, on le voit une nouvelle fois, ne conna\u00eet aucune piti\u00e9.<\/p>\n<p>\u00c7a ne peut pas continuer comme cela ! Le moment est venu de changer de cap : nous avons de nouveau besoin d\u2019une \u00e9conomie qui place le bien commun au centre de ses pr\u00e9occupations, qui fonctionne selon des crit\u00e8res solidaires, d\u00e9mocratiques et \u00e9cologiques \u2013 d\u2019une \u00e9conomie pour tou-te-s, sans privil\u00e8ges. Nous voulons une \u00e9conomie au service de la \u00ab vie d\u00e9cente \u00bb, qui pr\u00e9serve les fondements naturels de la vie et favorise le vivre-ensemble de tou-te-s dans une soci\u00e9t\u00e9 libre et d\u00e9mocratique. Le PS Suisse s\u2019est toujours engag\u00e9 en faveur d\u2019une d\u00e9mocratisation de l\u2019\u00e9conomie et de la soci\u00e9t\u00e9. Et, actuellement, on voit clairement toute l\u2019importance de cet engagement pour un service public fort, pour une d\u00e9mocratisation du syst\u00e8me de sant\u00e9, pour plus de cogestion (cod\u00e9termination) dans les entreprises, pour un coop\u00e9ratisme (syst\u00e8me coop\u00e9ratif) fort et pour l\u2019entrepreneuriat social.<\/p>\n<\/div>\n<\/div><\/div><\/div><div id=\"pgc-101-0-2\"  class=\"panel-grid-cell panel-grid-cell-empty\" ><\/div><\/div><div id=\"pg-101-1\"  class=\"panel-grid panel-has-style\" ><div class=\"equal-column-height panel-row-style panel-row-style-for-101-1\" style=\"padding-top: 0px; padding-bottom: 0px; padding-left: 0px; padding-right: 0px; border-top: 0px solid; border-bottom: 0px solid; \" ><div id=\"pgc-101-1-0\"  class=\"panel-grid-cell panel-grid-cell-empty\" ><\/div><div id=\"pgc-101-1-1\"  class=\"panel-grid-cell panel-grid-cell-mobile-last\" ><div id=\"panel-101-1-1-0\" class=\"so-panel widget widget_sow-headline panel-first-child\" data-index=\"2\" ><div\n\t\t\t\n\t\t\tclass=\"so-widget-sow-headline so-widget-sow-headline-default-2d3fdc98f655-101\"\n\t\t\t\n\t\t><div class=\"sow-headline-container \">\n\t\t\t\t\t\t\t<h1 class=\"sow-headline\">\n\t\t\t\t\t\tPoints de vue et actions :\t\t\t\t\t\t<\/h1>\n\t\t\t\t\t\t<\/div>\n<\/div><\/div><div id=\"panel-101-1-1-1\" class=\"so-panel widget widget_sow-editor panel-last-child\" data-index=\"3\" ><div\n\t\t\t\n\t\t\tclass=\"so-widget-sow-editor so-widget-sow-editor-base\"\n\t\t\t\n\t\t>\n<div class=\"siteorigin-widget-tinymce textwidget\">\n\t<ul>\n<li>Document strat\u00e9gique \"Solidaires et d\u00e9termin\u00e9s contre la crise du COVID-19\" : <a href=\"http:\/\/wirtschaftsdemokratie.ch\/wp-content\/uploads\/sites\/76\/2020\/05\/solidaires_contre_la_crise_version_courte_f_def.pdf\">version courte<\/a> et <a href=\"http:\/\/wirtschaftsdemokratie.ch\/wp-content\/uploads\/sites\/76\/2020\/05\/solidaires_contre_la_crise_version_longue_f_def_gbo.pdf\">version longue<\/a><\/li>\n<li><a href=\"https:\/\/wirtschaftsdemokratie.ch\/fr\/le-coronavirus-et-lavenir-du-vivre-ensemble-etendre-les-services-de-base-renforcer-la-democratie\/\">\u00ab Le coronavirus et l\u2019avenir du vivre-ensemble : d\u00e9velopper les services de base (le service universel), renforcer la d\u00e9mocratie\u00a0\u00bb<\/a>\u00a0(Fabian Molina sur la pand\u00e9mie du coronavirus)<\/li>\n<li>Les fondements d\u2019une \u00e9conomie solidaire, d\u00e9mocratique et \u00e9cologique\u00a0:\u00a0<a href=\"https:\/\/wirtschaftsdemokratie.ch\/fr\/interventions\/\">interventions parlementaires<\/a> du\u00a0PS\u00a0Suisse d\u00e9pos\u00e9es lors de la session de printemps\u00a02020<\/li>\n<li>Bref article du Samuel Bendahan: <a href=\"https:\/\/wirtschaftsdemokratie.ch\/fr\/introduction-de-comites-dethique-dans-les-entreprises-controlees-par-la-confederation\/\">Introduction de comit\u00e9s d'\u00e9thique dans les entreprises contr\u00f4l\u00e9es par la conf\u00e9d\u00e9ration<\/a><\/li>\n<li><em>Communs<\/em>\u00a0: <a href=\"https:\/\/wirtschaftsdemokratie.ch\/fr\/communs\/\">les fondements d\u2019une d\u00e9mocratisation de l\u2019\u00e9conomie \u00ab\u00a0par le bas\u00a0\u00bb<\/a><\/li>\n<li>Plan d\u2019action pour la d\u00e9mocratie \u00e9conomique\u00a0:\u00a0<a href=\"http:\/\/wirtschaftsdemokratie.ch\/wp-content\/uploads\/sites\/76\/2020\/05\/plan_daction_democratie_economique.pdf\">nos objectifs cl\u00e9s\/mesures<\/a><\/li>\n<li><a href=\"http:\/\/wirtschaftsdemokratie.ch\/wp-content\/uploads\/sites\/76\/2020\/05\/unsere_wirtschaft_f_def_3.pdf\">Concept \u00e9conomique du\u00a0PS\u00a0Suisse<\/a><\/li>\n<\/ul>\n<\/div>\n<\/div><\/div><\/div><div id=\"pgc-101-1-2\"  class=\"panel-grid-cell panel-grid-cell-empty\" ><\/div><\/div><\/div><div id=\"pg-101-2\"  class=\"panel-grid panel-no-style\" ><div id=\"pgc-101-2-0\"  class=\"panel-grid-cell\" ><div id=\"panel-101-2-0-0\" class=\"so-panel widget widget_black-studio-tinymce widget_black_studio_tinymce panel-first-child panel-last-child\" data-index=\"4\" ><div class=\"v-center panel-widget-style panel-widget-style-for-101-2-0-0\" ><div class=\"textwidget\"><h2 style=\"font-family: 'ReplicaBoldRegular'\"><span style=\"font-size: 26px\">AVEC PLUS DE D\u00c9MOCRATIE, CR\u00c9ER UNE \u00c9CONOMIE POUR TOUS SANS PRIVIL\u00c8GES<\/span><\/h2>\n<\/div><\/div><\/div><\/div><div id=\"pgc-101-2-1\"  class=\"panel-grid-cell\" ><div id=\"panel-101-2-1-0\" class=\"so-panel widget widget_sow-video panel-first-child panel-last-child\" data-index=\"5\" ><div\n\t\t\t\n\t\t\tclass=\"so-widget-sow-video so-widget-sow-video-default-c08170c47cfb-101\"\n\t\t\t\n\t\t>\n<div class=\"sow-video-wrapper\n\">\n\t\t\t<iframe loading=\"lazy\" title=\"Wirtschaftsdemokratie\" width=\"1200\" height=\"675\" src=\"https:\/\/www.youtube.com\/embed\/07iPj0BK3HU?feature=oembed&enablejsapi=1\" frameborder=\"0\" allow=\"accelerometer; autoplay; clipboard-write; encrypted-media; gyroscope; picture-in-picture; web-share\" referrerpolicy=\"strict-origin-when-cross-origin\" allowfullscreen allowfullscreen mozallowfullscreen webkitallowfullscreen sandbox=\"allow-scripts allow-same-origin allow-presentation\"><\/iframe>\t<\/div>\n<\/div><\/div><\/div><\/div><div id=\"pg-101-3\"  class=\"panel-grid panel-no-style\" ><div id=\"pgc-101-3-0\"  class=\"panel-grid-cell\" ><div id=\"panel-101-3-0-0\" class=\"so-panel widget widget_sow-headline panel-first-child\" data-index=\"6\" ><div class=\"panel-widget-style panel-widget-style-for-101-3-0-0\" ><div\n\t\t\t\n\t\t\tclass=\"so-widget-sow-headline so-widget-sow-headline-default-e2369890fa29-101\"\n\t\t\t\n\t\t><div class=\"sow-headline-container \">\n\t\t\t\t\t\t\t<h1 class=\"sow-headline\">\n\t\t\t\t\t\tNouvelles:\t\t\t\t\t\t<\/h1>\n\t\t\t\t\t\t<\/div>\n<\/div><\/div><\/div><div id=\"panel-101-3-0-1\" class=\"so-panel widget widget_ttrust_blog create-blog panel-last-child\" data-index=\"7\" >\t\t\t\t<div id=\"widget-3-0-1\" class=\"blog clear carousel col-3 alignment-left\">\n\n\t\t\t\t\t\t\t\t\t\t\n\t\t<article class=\"small post-661 post type-post status-publish format-standard has-post-thumbnail hentry category-non-classifiee\">\n\t\t\t<div class=\"inside\">\n\t\t\t\t\t\t\n\t\t\t\t<a href=\"https:\/\/wirtschaftsdemokratie.ch\/fr\/le-coronavirus-et-lavenir-du-vivre-ensemble-etendre-les-services-de-base-renforcer-la-democratie\/\" rel=\"bookmark\" class=\"post-thumb\"><img loading=\"lazy\" decoding=\"async\" width=\"655\" height=\"368\" src=\"https:\/\/wirtschaftsdemokratie.ch\/wp-content\/uploads\/sites\/76\/2020\/04\/corona_symbolbild.jpg\" class=\" wp-post-image\" alt=\"LE CORONAVIRUS ET L\u2019AVENIR DU VIVRE-ENSEMBLE : \u00c9TENDRE LES SERVICES DE BASE, RENFORCER LA D\u00c9MOCRATIE !\" title=\"LE CORONAVIRUS ET L\u2019AVENIR DU VIVRE-ENSEMBLE : \u00c9TENDRE LES SERVICES DE BASE, RENFORCER LA D\u00c9MOCRATIE !\" srcset=\"https:\/\/wirtschaftsdemokratie.ch\/wp-content\/uploads\/sites\/76\/2020\/04\/corona_symbolbild.jpg 655w, https:\/\/wirtschaftsdemokratie.ch\/wp-content\/uploads\/sites\/76\/2020\/04\/corona_symbolbild-300x169.jpg 300w\" sizes=\"auto, (max-width: 655px) 100vw, 655px\" \/><\/a>\n\t\t\t\n\t\t\t<div class=\"content\">\n\t\t\t\t<h3><a href=\"https:\/\/wirtschaftsdemokratie.ch\/fr\/le-coronavirus-et-lavenir-du-vivre-ensemble-etendre-les-services-de-base-renforcer-la-democratie\/\" rel=\"bookmark\" alt=\"LE CORONAVIRUS ET L\u2019AVENIR DU VIVRE-ENSEMBLE : \u00c9TENDRE LES SERVICES DE BASE, RENFORCER LA D\u00c9MOCRATIE !\">LE CORONAVIRUS ET L\u2019AVENIR DU VIVRE-ENSEMBLE : \u00c9TENDRE LES SERVICES DE BASE, RENFORCER LA D\u00c9MOCRATIE !<\/a><\/h3>\n\t\t\t\t<span class=\"meta\">\n\t\t\t\t\t28 avril 2020\t\t\t\t<\/span>\n\t\t\t\t<p>&nbsp; Le coronavirus nous affecte tous, des banquiers aux infirmi\u00e8res, en passant par les coiffeurs. Et pourtant, le virus nous r\u00e9v\u00e8le des in\u00e9galit\u00e9s sociales et de graves lacunes dans notre syst\u00e8me \u00e9conomique. Bien que la vie sociale de tous les individus ait subi de s\u00e9v\u00e8res restrictions et que beaucoup d\u2019entre nous travaillent \u00e0 domicile, les &hellip; <a href=\"https:\/\/wirtschaftsdemokratie.ch\/fr\/le-coronavirus-et-lavenir-du-vivre-ensemble-etendre-les-services-de-base-renforcer-la-democratie\/\" title=\"LE CORONAVIRUS ET L\u2019AVENIR DU VIVRE-ENSEMBLE : \u00c9TENDRE LES SERVICES DE BASE, RENFORCER LA D\u00c9MOCRATIE !\" class=\"read-more\">Lire la suite<\/a><\/p>\n\t\t\t<\/div>\n\t\t\t<\/div>\n\t\t<\/article>\n\n\t\t\t\t\t\t\n\t\t<article class=\"small post-658 post type-post status-publish format-standard has-post-thumbnail hentry category-non-classifiee\">\n\t\t\t<div class=\"inside\">\n\t\t\t\t\t\t\n\t\t\t\t<a href=\"https:\/\/wirtschaftsdemokratie.ch\/fr\/introduction-de-comites-dethique-dans-les-entreprises-controlees-par-la-confederation\/\" rel=\"bookmark\" class=\"post-thumb\"><img loading=\"lazy\" decoding=\"async\" width=\"320\" height=\"320\" src=\"https:\/\/wirtschaftsdemokratie.ch\/wp-content\/uploads\/sites\/76\/2020\/04\/bendahan_samue-e1587458838463.jpg\" class=\" wp-post-image\" alt=\"Introduction de comit\u00e9s d&rsquo;\u00e9thique dans les entreprises contr\u00f4l\u00e9es par la Conf\u00e9d\u00e9ration\" title=\"Introduction de comit\u00e9s d&rsquo;\u00e9thique dans les entreprises contr\u00f4l\u00e9es par la Conf\u00e9d\u00e9ration\" \/><\/a>\n\t\t\t\n\t\t\t<div class=\"content\">\n\t\t\t\t<h3><a href=\"https:\/\/wirtschaftsdemokratie.ch\/fr\/introduction-de-comites-dethique-dans-les-entreprises-controlees-par-la-confederation\/\" rel=\"bookmark\" alt=\"Introduction de comit\u00e9s d&rsquo;\u00e9thique dans les entreprises contr\u00f4l\u00e9es par la Conf\u00e9d\u00e9ration\">Introduction de comit\u00e9s d&rsquo;\u00e9thique dans les entreprises contr\u00f4l\u00e9es par la Conf\u00e9d\u00e9ration<\/a><\/h3>\n\t\t\t\t<span class=\"meta\">\n\t\t\t\t\t15 avril 2020\t\t\t\t<\/span>\n\t\t\t\t<p>Aujourd\u2019hui, les d\u00e9cisions prises par les entreprises sont strictement guid\u00e9es par la crainte de l\u2019actionnariat et la qu\u00eate du profit. M\u00eame les d\u00e9cisions b\u00e9n\u00e9ficiaires \u00e0 la soci\u00e9t\u00e9 sont souvent prises dans un but ultime d\u2019une maximisation du profit. Si cela peut permettre \u00e0 certaines entreprises d\u2019\u00eatre particuli\u00e8rement rentable, c\u2019est aussi d\u00e9vastateur pour la soci\u00e9t\u00e9 dans &hellip; <a href=\"https:\/\/wirtschaftsdemokratie.ch\/fr\/introduction-de-comites-dethique-dans-les-entreprises-controlees-par-la-confederation\/\" title=\"Introduction de comit\u00e9s d&rsquo;\u00e9thique dans les entreprises contr\u00f4l\u00e9es par la Conf\u00e9d\u00e9ration\" class=\"read-more\">Lire la suite<\/a><\/p>\n\t\t\t<\/div>\n\t\t\t<\/div>\n\t\t<\/article>\n\n\t\t\t\t\t\t\n\t\t<article class=\"small post-328 post type-post status-publish format-standard has-post-thumbnail hentry category-non-classifiee\">\n\t\t\t<div class=\"inside\">\n\t\t\t\t\t\t\n\t\t\t\t<a href=\"https:\/\/wirtschaftsdemokratie.ch\/fr\/democratisation-de-leconomie-et-cogestion\/\" rel=\"bookmark\" class=\"post-thumb\"><img loading=\"lazy\" decoding=\"async\" width=\"800\" height=\"449\" src=\"https:\/\/wirtschaftsdemokratie.ch\/wp-content\/uploads\/sites\/76\/2018\/03\/titre-800x449.png\" class=\" wp-post-image\" alt=\"D\u00e9mocratisation de l&rsquo;\u00e9conomie et cogestion\" title=\"D\u00e9mocratisation de l&rsquo;\u00e9conomie et cogestion\" \/><\/a>\n\t\t\t\n\t\t\t<div class=\"content\">\n\t\t\t\t<h3><a href=\"https:\/\/wirtschaftsdemokratie.ch\/fr\/democratisation-de-leconomie-et-cogestion\/\" rel=\"bookmark\" alt=\"D\u00e9mocratisation de l&rsquo;\u00e9conomie et cogestion\">D\u00e9mocratisation de l&rsquo;\u00e9conomie et cogestion<\/a><\/h3>\n\t\t\t\t<span class=\"meta\">\n\t\t\t\t\t20 mars 2018\t\t\t\t<\/span>\n\t\t\t\t<p>R\u00e9unis \u00e0 Berne les 8 et 9 mars 2018, le PS Suisse et l\u2019USS ont d\u00e9battu de la d\u00e9mocratie \u00e9conomique et de la cogestion dans le cadre d\u2019une table ronde suivie d\u2019un colloque. Lors de la r\u00e9union organis\u00e9e en soir\u00e9e, l\u2019importance d\u2019une alternative au capitalisme financier (capitalisme des march\u00e9s financiers) actuel a fait l\u2019objet de &hellip; <a href=\"https:\/\/wirtschaftsdemokratie.ch\/fr\/democratisation-de-leconomie-et-cogestion\/\" title=\"D\u00e9mocratisation de l&rsquo;\u00e9conomie et cogestion\" class=\"read-more\">Lire la suite<\/a><\/p>\n\t\t\t<\/div>\n\t\t\t<\/div>\n\t\t<\/article>\n\n\t\t\t\t\t\t\t\t\t\t<\/div><!-- .blog -->\n\t\t\t\t<\/div>\t\t\t\t\t\t\t\t\t<script type=\"text\/javascript\">\n\t\t\t\t\t\/\/<![CDATA[\n\t\t\t\t\tjQuery(document).ready(function(){\t\t\n\t\t\t\t\t\tjQuery('#widget-3-0-1.blog.carousel').owlCarousel({\n\t\t\t\t\t\t    items : 3,\t\t\t\t\t\t\t\n\t\t\t\t\t\t\titemsDesktop : [1199,3],\n\t\t\t\t\t\t\titemsDesktopSmall : [980,3],\n\t\t\t\t\t\t\titemsTablet: [768,2],\n\t\t\t\t\t\t\titemsTabletSmall: false,\n\t\t\t\t\t\t\titemsMobile : [479,1]\t\t\t\t\t\t\n\t\t\t\t\t\t})\n\t\t\t\t\t\tjQuery('head').append('<style type=\"text\/css\">.blog.carousel .owl-controls .owl-pagination .owl-page span {background-color: #dd3333;}<\/style>');\n\t\t\t\t\t});\n\t\t\t\t\t\/\/]]>\n\t\t\t\t\t<\/script>\n\t\t\t\t\n<\/div><\/div><\/div>","protected":false},"excerpt":{"rendered":"<p>L\u2019actuelle pand\u00e9mie de coronavirus nous d\u00e9voile clairement les faiblesses du tout-puissant r\u00e9gime de march\u00e9 capitaliste. En ce moment, l\u2019in\u00e9galit\u00e9 sociale et \u00e9conomique non seulement d\u00e9termine la capacit\u00e9 de r\u00e9silience \u00e0 l\u2019\u00e9tat d\u2019urgence actuel, mais encore elle d\u00e9cide parfois de la vie ou de la mort. Dans le m\u00eame temps, la transformation forc\u00e9e de nos soci\u00e9t\u00e9s &hellip; <a href=\"https:\/\/wirtschaftsdemokratie.ch\/fr\/\" title=\"Home\" class=\"read-more\">Lire la suite<\/a><\/p>\n","protected":false},"author":68,"featured_media":0,"parent":0,"menu_order":0,"comment_status":"closed","ping_status":"closed","template":"","meta":{"footnotes":""},"class_list":["post-101","page","type-page","status-publish","hentry"],"yoast_head":"<!-- This site is optimized with the Yoast SEO plugin v27.5 - https:\/\/yoast.com\/product\/yoast-seo-wordpress\/ -->\n<title>Home - d\u00e9mocratie \u00e9conomique<\/title>\n<meta name=\"robots\" content=\"index, follow, max-snippet:-1, max-image-preview:large, max-video-preview:-1\" \/>\n<link rel=\"canonical\" href=\"https:\/\/wirtschaftsdemokratie.ch\/fr\/\" \/>\n<meta property=\"og:locale\" content=\"fr_FR\" \/>\n<meta property=\"og:type\" content=\"article\" \/>\n<meta property=\"og:title\" content=\"Home - d\u00e9mocratie \u00e9conomique\" \/>\n<meta property=\"og:description\" content=\"L\u2019actuelle pand\u00e9mie de coronavirus nous d\u00e9voile clairement les faiblesses du tout-puissant r\u00e9gime de march\u00e9 capitaliste. En ce moment, l\u2019in\u00e9galit\u00e9 sociale et \u00e9conomique non seulement d\u00e9termine la capacit\u00e9 de r\u00e9silience \u00e0 l\u2019\u00e9tat d\u2019urgence actuel, mais encore elle d\u00e9cide parfois de la vie ou de la mort. Dans le m\u00eame temps, la transformation forc\u00e9e de nos soci\u00e9t\u00e9s [&hellip;]\" \/>\n<meta property=\"og:url\" content=\"https:\/\/wirtschaftsdemokratie.ch\/fr\/\" \/>\n<meta property=\"og:site_name\" content=\"d\u00e9mocratie \u00e9conomique\" \/>\n<meta property=\"article:modified_time\" content=\"2020-05-08T16:48:22+00:00\" \/>\n<meta name=\"twitter:card\" content=\"summary_large_image\" \/>\n<meta name=\"twitter:label1\" content=\"Dur\u00e9e de lecture estim\u00e9e\" \/>\n\t<meta name=\"twitter:data1\" content=\"3 minutes\" \/>\n<script type=\"application\/ld+json\" class=\"yoast-schema-graph\">{\"@context\":\"https:\\\/\\\/schema.org\",\"@graph\":[{\"@type\":\"WebPage\",\"@id\":\"https:\\\/\\\/wirtschaftsdemokratie.ch\\\/fr\\\/\",\"url\":\"https:\\\/\\\/wirtschaftsdemokratie.ch\\\/fr\\\/\",\"name\":\"Home - d\u00e9mocratie \u00e9conomique\",\"isPartOf\":{\"@id\":\"https:\\\/\\\/wirtschaftsdemokratie.ch\\\/fr\\\/#website\"},\"datePublished\":\"2016-08-09T10:15:30+00:00\",\"dateModified\":\"2020-05-08T16:48:22+00:00\",\"breadcrumb\":{\"@id\":\"https:\\\/\\\/wirtschaftsdemokratie.ch\\\/fr\\\/#breadcrumb\"},\"inLanguage\":\"fr-FR\",\"potentialAction\":[{\"@type\":\"ReadAction\",\"target\":[\"https:\\\/\\\/wirtschaftsdemokratie.ch\\\/fr\\\/\"]}]},{\"@type\":\"BreadcrumbList\",\"@id\":\"https:\\\/\\\/wirtschaftsdemokratie.ch\\\/fr\\\/#breadcrumb\",\"itemListElement\":[{\"@type\":\"ListItem\",\"position\":1,\"name\":\"Startseite\",\"item\":\"https:\\\/\\\/wirtschaftsdemokratie.ch\\\/fr\\\/\"},{\"@type\":\"ListItem\",\"position\":2,\"name\":\"Home\"}]},{\"@type\":\"WebSite\",\"@id\":\"https:\\\/\\\/wirtschaftsdemokratie.ch\\\/fr\\\/#website\",\"url\":\"https:\\\/\\\/wirtschaftsdemokratie.ch\\\/fr\\\/\",\"name\":\"d\u00e9mocratie \u00e9conomique\",\"description\":\"\",\"potentialAction\":[{\"@type\":\"SearchAction\",\"target\":{\"@type\":\"EntryPoint\",\"urlTemplate\":\"https:\\\/\\\/wirtschaftsdemokratie.ch\\\/fr\\\/?s={search_term_string}\"},\"query-input\":{\"@type\":\"PropertyValueSpecification\",\"valueRequired\":true,\"valueName\":\"search_term_string\"}}],\"inLanguage\":\"fr-FR\"}]}<\/script>\n<!-- \/ Yoast SEO plugin. -->","yoast_head_json":{"title":"Home - d\u00e9mocratie \u00e9conomique","robots":{"index":"index","follow":"follow","max-snippet":"max-snippet:-1","max-image-preview":"max-image-preview:large","max-video-preview":"max-video-preview:-1"},"canonical":"https:\/\/wirtschaftsdemokratie.ch\/fr\/","og_locale":"fr_FR","og_type":"article","og_title":"Home - d\u00e9mocratie \u00e9conomique","og_description":"L\u2019actuelle pand\u00e9mie de coronavirus nous d\u00e9voile clairement les faiblesses du tout-puissant r\u00e9gime de march\u00e9 capitaliste. En ce moment, l\u2019in\u00e9galit\u00e9 sociale et \u00e9conomique non seulement d\u00e9termine la capacit\u00e9 de r\u00e9silience \u00e0 l\u2019\u00e9tat d\u2019urgence actuel, mais encore elle d\u00e9cide parfois de la vie ou de la mort. Dans le m\u00eame temps, la transformation forc\u00e9e de nos soci\u00e9t\u00e9s [&hellip;]","og_url":"https:\/\/wirtschaftsdemokratie.ch\/fr\/","og_site_name":"d\u00e9mocratie \u00e9conomique","article_modified_time":"2020-05-08T16:48:22+00:00","twitter_card":"summary_large_image","twitter_misc":{"Dur\u00e9e de lecture estim\u00e9e":"3 minutes"},"schema":{"@context":"https:\/\/schema.org","@graph":[{"@type":"WebPage","@id":"https:\/\/wirtschaftsdemokratie.ch\/fr\/","url":"https:\/\/wirtschaftsdemokratie.ch\/fr\/","name":"Home - d\u00e9mocratie \u00e9conomique","isPartOf":{"@id":"https:\/\/wirtschaftsdemokratie.ch\/fr\/#website"},"datePublished":"2016-08-09T10:15:30+00:00","dateModified":"2020-05-08T16:48:22+00:00","breadcrumb":{"@id":"https:\/\/wirtschaftsdemokratie.ch\/fr\/#breadcrumb"},"inLanguage":"fr-FR","potentialAction":[{"@type":"ReadAction","target":["https:\/\/wirtschaftsdemokratie.ch\/fr\/"]}]},{"@type":"BreadcrumbList","@id":"https:\/\/wirtschaftsdemokratie.ch\/fr\/#breadcrumb","itemListElement":[{"@type":"ListItem","position":1,"name":"Startseite","item":"https:\/\/wirtschaftsdemokratie.ch\/fr\/"},{"@type":"ListItem","position":2,"name":"Home"}]},{"@type":"WebSite","@id":"https:\/\/wirtschaftsdemokratie.ch\/fr\/#website","url":"https:\/\/wirtschaftsdemokratie.ch\/fr\/","name":"d\u00e9mocratie \u00e9conomique","description":"","potentialAction":[{"@type":"SearchAction","target":{"@type":"EntryPoint","urlTemplate":"https:\/\/wirtschaftsdemokratie.ch\/fr\/?s={search_term_string}"},"query-input":{"@type":"PropertyValueSpecification","valueRequired":true,"valueName":"search_term_string"}}],"inLanguage":"fr-FR"}]}},"_links":{"self":[{"href":"https:\/\/wirtschaftsdemokratie.ch\/fr\/wp-json\/wp\/v2\/pages\/101","targetHints":{"allow":["GET"]}}],"collection":[{"href":"https:\/\/wirtschaftsdemokratie.ch\/fr\/wp-json\/wp\/v2\/pages"}],"about":[{"href":"https:\/\/wirtschaftsdemokratie.ch\/fr\/wp-json\/wp\/v2\/types\/page"}],"author":[{"embeddable":true,"href":"https:\/\/wirtschaftsdemokratie.ch\/fr\/wp-json\/wp\/v2\/users\/68"}],"replies":[{"embeddable":true,"href":"https:\/\/wirtschaftsdemokratie.ch\/fr\/wp-json\/wp\/v2\/comments?post=101"}],"version-history":[{"count":22,"href":"https:\/\/wirtschaftsdemokratie.ch\/fr\/wp-json\/wp\/v2\/pages\/101\/revisions"}],"predecessor-version":[{"id":745,"href":"https:\/\/wirtschaftsdemokratie.ch\/fr\/wp-json\/wp\/v2\/pages\/101\/revisions\/745"}],"wp:attachment":[{"href":"https:\/\/wirtschaftsdemokratie.ch\/fr\/wp-json\/wp\/v2\/media?parent=101"}],"curies":[{"name":"wp","href":"https:\/\/api.w.org\/{rel}","templated":true}]}}